{"id":10,"date":"2025-08-14T20:28:25","date_gmt":"2025-08-14T23:28:25","guid":{"rendered":"https:\/\/www.ce.ufpb.br\/nepesf\/?page_id=10"},"modified":"2025-08-14T20:28:25","modified_gmt":"2025-08-14T23:28:25","slug":"quem-somos","status":"publish","type":"page","link":"https:\/\/www.ce.ufpb.br\/nepesf\/quem-somos\/","title":{"rendered":"Quem Somos?"},"content":{"rendered":"\n<h2 class=\"wp-block-heading\"><div class=\"linha-header\"><strong><em>Coordenadores<\/em><\/strong><\/div><\/h2>\n\n\n\n<p class=\" \"><em><strong><a href=\"http:\/\/lattes.cnpq.br\/8491430816252531\" target=\"_blank\" rel=\"noreferrer noopener\">Prof\u00aa Dr\u00aa&nbsp;&nbsp;<\/a>Janine Marta Coelho Rodrigues<\/strong><\/em><\/p>\n\n\n\n<p class=\" \"><strong><em><a href=\"http:\/\/lattes.cnpq.br\/5948365562113510\" target=\"_blank\" rel=\"noreferrer noopener\">Prof. Dr.&nbsp;<\/a>Jos\u00e9 Amiraldo Alves da Silva<\/em><\/strong><\/p>\n\n\n\n<p class=\" \">&nbsp;<\/p>\n\n\n\n<h2 class=\"wp-block-heading\"><div class=\"linha-header\"><strong><em>Assessoria especial<\/em><\/strong><\/div><\/h2>\n\n\n\n<p class=\" \"><strong><em><strong><a href=\"http:\/\/lattes.cnpq.br\/8491430816252531\" target=\"_blank\" rel=\"noreferrer noopener\">Prof\u00aa&nbsp;<\/a>. Ms\u00aa&nbsp; Isolda Aires&nbsp; Viana Ramos<\/strong><\/em><\/strong><\/p>\n\n\n\n<p class=\" \">&nbsp;<\/p>\n\n\n\n<h2 class=\"wp-block-heading\"><div class=\"linha-header\"><strong><em>Linhas<\/em><\/strong><\/div><\/h2>\n\n\n\n<p class=\" \"><strong>1 &#8211; Gest\u00e3o e Avalia\u00e7\u00e3o<\/strong><\/p>\n\n\n\n<p class=\" \"><strong><em>Pesquisador Senior :&nbsp; Prof. Dr.&nbsp;<a href=\"http:\/\/lattes.cnpq.br\/4673228883610996\" target=\"_blank\" rel=\"noreferrer noopener\">Wilson Honorato&nbsp; Arag\u00e3o<\/a><\/em><\/strong><\/p>\n\n\n\n<p class=\" \"><strong><em>2 &#8211; Defici\u00eancias e Transtornos de Aprendizagem<\/em><\/strong><\/p>\n\n\n\n<p class=\" \"><strong><em>Pesquisador Senior :&nbsp;<a href=\"http:\/\/lattes.cnpq.br\/8491430816252531\" target=\"_blank\" rel=\"noreferrer noopener\">Prof\u00aa Dr\u00aa&nbsp; Janine Marta Coelho Rodrigues<\/a><\/em><\/strong><\/p>\n\n\n\n<p class=\" \"><strong><em>3 &#8211; Ensino Superior<\/em><\/strong><\/p>\n\n\n\n<p class=\" \"><strong><em>Pesquisador Senior: Prof. Dr.&nbsp;<a href=\"http:\/\/lattes.cnpq.br\/7764634726743516\" target=\"_blank\" rel=\"noreferrer noopener\">Carlos Andr\u00e9 Cavalcanti<\/a><\/em><\/strong><\/p>\n\n\n\n<p class=\" \"><strong><em>4 &#8211; Diversidade&nbsp; e Etnias<\/em><\/strong><\/p>\n\n\n\n<p class=\" \"><strong><em>Pesquisador Senior:&nbsp; Prof. Dr.&nbsp;<a href=\"http:\/\/lattes.cnpq.br\/5226905696794824\" target=\"_blank\" rel=\"noreferrer noopener\">Silvestre&nbsp; Coelho Rodrigues<\/a><\/em><\/strong><\/p>\n\n\n\n<p class=\" \"><strong><em>5 &#8211; Ensino e Aprendizagem<\/em><\/strong><\/p>\n\n\n\n<p class=\" \"><strong><em>Pesquisador Senior:&nbsp;<a href=\"http:\/\/lattes.cnpq.br\/7496320432293842\" target=\"_blank\" rel=\"noreferrer noopener\">Prof\u00aa Dr\u00aa&nbsp;<strong>Stella Maria Lima Gaspar de Oliveira<\/strong>&nbsp;<\/a><\/em><\/strong><\/p>\n\n\n\n<p class=\" \">&nbsp;<\/p>\n\n\n\n<h2 class=\"wp-block-heading\"><div class=\"linha-header\"><em><strong>A\u00e7\u00f5es<\/strong><\/em><\/div><\/h2>\n\n\n\n<p class=\" \">Cursos de Aperfei\u00e7oamento<\/p>\n\n\n\n<p class=\" \">Publica\u00e7\u00f5es em Peri\u00f3dicos<\/p>\n\n\n\n<p class=\" \">Participa\u00e7\u00f5es em Eventos<\/p>\n\n\n\n<p class=\" \">Grupo de Trabalho<\/p>\n\n\n\n<p class=\" \">&nbsp;<\/p>\n\n\n\n<h2 class=\"wp-block-heading\"><div class=\"linha-header\"><em><strong>Projetos Acad\u00eamicos&nbsp;<\/strong><\/em><\/div><\/h2>\n\n\n\n<p class=\" \">&nbsp;<\/p>\n\n\n\n<p class=\" \"><em><strong>PIBIC &#8211;&nbsp;Programa Institucional de Bolsas de Inicia\u00e7\u00e3o Cient\u00edfica<\/strong><\/em><\/p>\n\n\n\n<p class=\" \"><em><strong>PROBEX &#8211;&nbsp;Programa de Bolsas de Extens\u00e3o<\/strong><\/em><\/p>\n\n\n\n<p class=\" \"><em><strong>CTA &#8211;&nbsp; Comiss\u00e3o Pr\u00f3pria de Avalia\u00e7\u00e3o<\/strong><\/em><\/p>\n\n\n\n<p class=\" \">&nbsp;<\/p>\n\n\n\n<h2 class=\"wp-block-heading\"><div class=\"linha-header\"><em><strong>Membros do N\u00facleo<\/strong><\/em><\/div><\/h2>\n\n\n\n<p class=\" \"><strong><a href=\"http:\/\/buscatextual.cnpq.br\/buscatextual\/visualizacv.do?id=K8270777J3\" target=\"_blank\" rel=\"noreferrer noopener\">Adriana Rame Correia Martins Barbosa<\/a><\/strong><\/p>\n\n\n\n<p class=\" \"><strong><a href=\"http:\/\/lattes.cnpq.br\/5536141111254540\" target=\"_blank\" rel=\"noreferrer noopener\">Ana Maria Mendes Barreiro Nunes<\/a><\/strong><\/p>\n\n\n\n<p class=\" \"><a href=\"http:\/\/lattes.cnpq.br\/0209387366999575\" target=\"_blank\" rel=\"noreferrer noopener\"><strong>Aline Freire Falc\u00e3o<\/strong>&nbsp;<\/a><\/p>\n\n\n\n<p class=\" \"><a href=\"http:\/\/lattes.cnpq.br\/0390829409992767\" target=\"_blank\" rel=\"noreferrer noopener\"><strong>Alyne Rosiwelly Ara\u00fajo Figueiredo<\/strong><\/a><\/p>\n\n\n\n<p class=\" \">&nbsp;<strong><a href=\"http:\/\/lattes.cnpq.br\/5574966068021270\" target=\"_blank\" rel=\"noreferrer noopener\">Auren\u00edsia Coutinho Ivo<\/a><\/strong><\/p>\n\n\n\n<p class=\" \"><strong><a href=\"http:\/\/lattes.cnpq.br\/7000832884362139\" target=\"_blank\" rel=\"noreferrer noopener\">Aureliana da Silva Tavares<\/a><\/strong><\/p>\n\n\n\n<p class=\" \"><strong><a href=\"http:\/\/lattes.cnpq.br\/9013087262536727\" target=\"_blank\" rel=\"noreferrer noopener\">Carla Karina Freitas da Silva<\/a><\/strong><\/p>\n\n\n\n<p class=\" \"><strong><a href=\"http:\/\/%20http\/\/lattes.cnpq.br\/3167919691234814\" target=\"_blank\" rel=\"noreferrer noopener\">Dalmo Radimack da Silva<\/a><\/strong><\/p>\n\n\n\n<p class=\" \"><strong><a href=\"http:\/\/lattes.cnpq.br\/4969710596364395\" target=\"_blank\" rel=\"noreferrer noopener\">Dami\u00e3o Carlos Freires de Azevedo<\/a><\/strong><\/p>\n\n\n\n<p class=\" \"><strong><a href=\"http:\/\/lattes.cnpq.br\/1996242184202749\" target=\"_blank\" rel=\"noreferrer noopener\">Danielle da Silva Bezerra Cabral<\/a><\/strong><\/p>\n\n\n\n<p class=\" \"><strong><a href=\"http:\/\/lattes.cnpq.br\/3567544792912413\" target=\"_blank\" rel=\"noreferrer noopener\">Edilene Firmino da Silva<\/a><\/strong><\/p>\n\n\n\n<p class=\" \"><strong><a href=\"http:\/\/lattes.cnpq.br\/5026228327649761\" target=\"_blank\" rel=\"noreferrer noopener\">Eloide Tales Silva Grisi<\/a><\/strong><\/p>\n\n\n\n<p class=\" \"><a href=\"https:\/\/wwws.cnpq.br\/cvlattesweb\/PKG_MENU.menu?f_cod=00C810021D97345C2C13632437C882E8\" target=\"_blank\" rel=\"noreferrer noopener\"><strong>Ilza Maria Urbano Monteiro<\/strong><\/a><\/p>\n\n\n\n<p class=\" \"><strong><a href=\"http:\/\/lattes.cnpq.br\/0303267005272489\" target=\"_blank\" rel=\"noreferrer noopener\">Sinara Pimentel Andrade da Rocha&nbsp;<\/a><\/strong><\/p>\n\n\n\n<p class=\" \"><strong><a href=\"http:\/\/%20http\/\/lattes.cnpq.br\/6785749633204374\" target=\"_blank\" rel=\"noreferrer noopener\">Santuza M\u00f4nica de Fran\u00e7a Pereira da Fonseca<\/a><\/strong><\/p>\n\n\n\n<p class=\" \"><a href=\"http:\/\/buscatextual.cnpq.br\/buscatextual\/visualizacv.do?id=K4518396Y4\" target=\"_blank\" rel=\"noreferrer noopener\"><strong>Kathy Souza Xavier de Ara\u00fajo<\/strong><\/a><\/p>\n\n\n\n<p class=\" \"><strong><a href=\"http:\/\/lattes.cnpq.br\/8013574449247574\" target=\"_blank\" rel=\"noreferrer noopener\">Priscila Morgana Galdino dos Santos<\/a><\/strong><\/p>\n\n\n\n<p class=\" \">&nbsp;<strong><a href=\"http:\/\/lattes.cnpq.br\/0033613170678627\" target=\"_blank\" rel=\"noreferrer noopener\">Rusiel Paulino de Ara\u00fajo J\u00fanior<\/a><\/strong><\/p>\n\n\n\n<p class=\" \"><strong><a href=\"http:\/\/lattes.cnpq.br\/6210337650217128\" target=\"_blank\" rel=\"noreferrer noopener\">Vanessa Ara\u00fajo Toscano de Brito<\/a><\/strong><\/p>\n\n\n\n<p class=\" \">&nbsp;<strong><a href=\"http:\/\/lattes.cnpq.br\/0404232090826808\" target=\"_blank\" rel=\"noreferrer noopener\">Ringson Gray Monteiro de Toledo<\/a><\/strong><\/p>\n\n\n\n<p class=\" \"><strong><a href=\"http:\/\/lattes.cnpq.br\/2272497596390797\" target=\"_blank\" rel=\"noreferrer noopener\">Israel Dias da Silva Filho<\/a><\/strong><\/p>\n\n\n\n<p class=\" \"><strong><a href=\"http:\/\/lattes.cnpq.br\/9277692853680053\" target=\"_blank\" rel=\"noreferrer noopener\">Stefany Tryene Albuquerque dos Santos<\/a><\/strong><\/p>\n\n\n\n<p class=\" \"><strong><a href=\"http:\/\/lattes.cnpq.br\/0337602555313232\" target=\"_blank\" rel=\"noreferrer noopener\">M\u00e1rcia Lustosa Felix Guedes<\/a><\/strong><\/p>\n\n\n\n<p class=\" \"><strong><a href=\"http:\/\/lattes.cnpq.br\/3314599079831222\" target=\"_blank\" rel=\"noreferrer noopener\">Johnny Carlos Alves<\/a><\/strong><\/p>\n\n\n\n<p class=\" \"><strong><a href=\"http:\/\/lattes.cnpq.br\/3014850622393264\" target=\"_blank\" rel=\"noreferrer noopener\">Jos\u00e9 Rom\u00e1rio Ara\u00fajo da Silva<\/a><\/strong><\/p>\n\n\n\n<p class=\" \"><strong><a href=\"http:\/\/lattes.cnpq.br\/5933537713353634\" target=\"_blank\" rel=\"noreferrer noopener\">Isolda Ayres Viana Ramos<\/a><\/strong><\/p>\n\n\n\n<p class=\" \"><strong><a href=\"http:\/\/lattes.cnpq.br\/7790894961714046\" target=\"_blank\" rel=\"noreferrer noopener\">Lindalva Gouveia Nascimento<\/a><\/strong><\/p>\n\n\n\n<p class=\" \"><strong><a href=\"http:\/\/lattes.cnpq.br\/3857075341344091\" target=\"_blank\" rel=\"noreferrer noopener\">M\u00e1rcio Rog\u00e9rio Bandeira do Nascimento<\/a><\/strong><\/p>\n\n\n\n<p class=\" \"><strong><a href=\"http:\/\/lattes.cnpq.br\/4472329920158389\" target=\"_blank\" rel=\"noreferrer noopener\">Laiane Pereira de Amorim<\/a><\/strong><\/p>\n\n\n\n<p class=\" \"><strong><a href=\"http:\/\/lattes.cnpq.br\/5559456463035435\" target=\"_blank\" rel=\"noreferrer noopener\">Lindalva Jos\u00e9 de Freitas<\/a><\/strong><\/p>\n\n\n\n<p class=\" \"><strong><a href=\"http:\/\/lattes.cnpq.br\/0638996274265207\" target=\"_blank\" rel=\"noreferrer noopener\">Laudic\u00e9ia Teixeira Lins<\/a><\/strong><\/p>\n\n\n\n<p class=\" \">&nbsp;<strong><a href=\"http:\/\/lattes.cnpq.br\/5948365562113510\" target=\"_blank\" rel=\"noreferrer noopener\">Jos\u00e9 Amirlado Alves da Silva.<\/a><\/strong><\/p>\n\n\n\n<p class=\" \">&nbsp;<strong><a href=\"https:\/\/wwws.cnpq.br\/cvlattesweb\/PKG_MENU.menu?f_cod=1F73BF03C788A646A0FB0659381F3142\" target=\"_blank\" rel=\"noreferrer noopener\">L\u00facia de F\u00e1tima Gomes de Lelis<\/a><\/strong><\/p>\n\n\n\n<p class=\" \"><strong><a href=\"https:\/\/wwws.cnpq.br\/cvlattesweb\/PKG_MENU.menu?f_cod=E2BD2EAE6BE8BFFD12EA3C62784D1ECD\" target=\"_blank\" rel=\"noreferrer noopener\">Maria das Neves Silva Lins<\/a><\/strong><\/p>\n\n\n\n<p class=\" \"><strong><a href=\"http:\/\/lattes.cnpq.br\/7823018585064159\" target=\"_blank\" rel=\"noreferrer noopener\">Jos\u00e9 Carlos do Nascimento Santos<\/a><\/strong><\/p>\n\n\n\n<p class=\" \"><strong><a href=\"http:\/\/lattes.cnpq.br\/6039915490895248\" target=\"_blank\" rel=\"noreferrer noopener\">Vera L\u00facia Ara\u00fajo da Silva<\/a><\/strong><\/p>\n\n\n\n<p class=\" \"><strong><a href=\"http:\/\/lattes.cnpq.br\/3699687144924868\" target=\"_blank\" rel=\"noreferrer noopener\">Wilandia Mendes de Oliveira<\/a><\/strong><\/p>\n\n\n\n<p class=\" \"><strong><a href=\"http:\/\/lattes.cnpq.br\/6917407151594083\" target=\"_blank\" rel=\"noreferrer noopener\">Wellingta Magnolia Lacerda Leite de Andrade<\/a><\/strong><\/p>\n","protected":false},"excerpt":{"rendered":"<p>Coordenadores Prof\u00aa Dr\u00aa&nbsp;&nbsp;Janine Marta Coelho Rodrigues Prof. Dr.&nbsp;Jos\u00e9 Amiraldo Alves da Silva &nbsp; Assessoria especial [&hellip;]<\/p>\n","protected":false},"author":47,"featured_media":0,"parent":0,"menu_order":0,"comment_status":"closed","ping_status":"closed","template":"","meta":{"footnotes":""},"class_list":["post-10","page","type-page","status-publish","hentry"],"_links":{"self":[{"href":"https:\/\/www.ce.ufpb.br\/nepesf\/wp-json\/wp\/v2\/pages\/10","targetHints":{"allow":["GET"]}}],"collection":[{"href":"https:\/\/www.ce.ufpb.br\/nepesf\/wp-json\/wp\/v2\/pages"}],"about":[{"href":"https:\/\/www.ce.ufpb.br\/nepesf\/wp-json\/wp\/v2\/types\/page"}],"author":[{"embeddable":true,"href":"https:\/\/www.ce.ufpb.br\/nepesf\/wp-json\/wp\/v2\/users\/47"}],"replies":[{"embeddable":true,"href":"https:\/\/www.ce.ufpb.br\/nepesf\/wp-json\/wp\/v2\/comments?post=10"}],"version-history":[{"count":1,"href":"https:\/\/www.ce.ufpb.br\/nepesf\/wp-json\/wp\/v2\/pages\/10\/revisions"}],"predecessor-version":[{"id":11,"href":"https:\/\/www.ce.ufpb.br\/nepesf\/wp-json\/wp\/v2\/pages\/10\/revisions\/11"}],"wp:attachment":[{"href":"https:\/\/www.ce.ufpb.br\/nepesf\/wp-json\/wp\/v2\/media?parent=10"}],"curies":[{"name":"wp","href":"https:\/\/api.w.org\/{rel}","templated":true}]}}