{"id":19,"date":"2026-07-03T22:36:13","date_gmt":"2026-07-04T01:36:13","guid":{"rendered":"https:\/\/www.ce.ufpb.br\/dme\/?page_id=19"},"modified":"2026-08-03T15:10:09","modified_gmt":"2026-08-03T18:10:09","slug":"servicos","status":"publish","type":"page","link":"https:\/\/www.ce.ufpb.br\/dme\/servicos\/","title":{"rendered":"Servi\u00e7os"},"content":{"rendered":"\n<p class=\"wp-block-paragraph\">Este espa\u00e7o re\u00fane as Cartas de Servi\u00e7os do Departamento de Metodologia da Educa\u00e7\u00e3o (DME), do Centro de Educa\u00e7\u00e3o (CE) e da Universidade Federal da Para\u00edba (UFPB), organizadas de forma integrada para facilitar o acesso \u00e0s informa\u00e7\u00f5es. Al\u00e9m disso, disponibiliza servi\u00e7os administrativos, acad\u00eamicos e a legisla\u00e7\u00e3o institucional, promovendo maior transpar\u00eancia e efici\u00eancia no atendimento \u00e0 comunidade acad\u00eamica e ao p\u00fablico em geral.<\/p>\n\n\n\n<h2 class=\"wp-block-heading\"><div class=\"linha-header\">Corpo Administrativo<\/div><\/h2>\n\n\n\n<details class=\"wp-block-details is-layout-flow wp-block-details-is-layout-flow\"><summary>Secretaria do DME<\/summary>\n<p class=\"wp-block-paragraph\"><a href=\"https:\/\/sigaa.ufpb.br\/sigaa\/public\/departamento\/administrativo.jsf?id=1385\" data-type=\"link\" data-id=\"https:\/\/sigaa.ufpb.br\/sigaa\/public\/departamento\/administrativo.jsf?id=1385\">Alexandre Dutra da Costa<\/a><\/p>\n\n\n\n<p class=\"wp-block-paragraph\"><a href=\"https:\/\/sigaa.ufpb.br\/sigaa\/public\/departamento\/administrativo.jsf?id=1385\" data-type=\"link\" data-id=\"https:\/\/sigaa.ufpb.br\/sigaa\/public\/departamento\/administrativo.jsf?id=1385\">Ana Jualice Ferreira da Silva Teod\u00f3sio<\/a><\/p>\n<\/details>\n\n\n\n<h2 class=\"wp-block-heading\"><div class=\"linha-header\">Carta de servi\u00e7os<\/div><\/h2>\n\n\n\n<details class=\"wp-block-details is-layout-flow wp-block-details-is-layout-flow\"><summary>Carta de servi\u00e7os do DME<\/summary>\n<div class=\"wp-block-file\"><a id=\"wp-block-file--media-86500821-0096-4b18-8066-82b769f9f452\" href=\"https:\/\/www.ce.ufpb.br\/dme\/wp-content\/uploads\/sites\/138\/sites\/500\/2026\/08\/Carta-de-servicos-DME-1.pdf\">Apresenta\u00e7\u00e3o da Carta de servi\u00e7os -DME<\/a><a href=\"https:\/\/www.ce.ufpb.br\/dme\/wp-content\/uploads\/sites\/138\/sites\/500\/2026\/08\/Carta-de-servicos-DME-1.pdf\" class=\"wp-block-file__button wp-element-button\" download aria-describedby=\"wp-block-file--media-86500821-0096-4b18-8066-82b769f9f452\">Baixar<\/a><\/div>\n\n\n\n<div class=\"wp-block-file\"><a id=\"wp-block-file--media-b3fbd484-609d-43a0-927c-d87777e3f734\" href=\"https:\/\/www.ce.ufpb.br\/dme\/wp-content\/uploads\/sites\/138\/sites\/500\/2026\/08\/Carta-de-servicos-DME-2.pdf\">SERVI\u00c7O N\u00ba 01 &#8211; Atendimento ao P\u00fablico, Informa\u00e7\u00f5es e Avisos<\/a><a href=\"https:\/\/www.ce.ufpb.br\/dme\/wp-content\/uploads\/sites\/138\/sites\/500\/2026\/08\/Carta-de-servicos-DME-2.pdf\" class=\"wp-block-file__button wp-element-button\" download aria-describedby=\"wp-block-file--media-b3fbd484-609d-43a0-927c-d87777e3f734\">Baixar<\/a><\/div>\n\n\n\n<div class=\"wp-block-file\"><a id=\"wp-block-file--media-f381c155-ea27-48f1-b11c-fc551f7ade78\" href=\"https:\/\/www.ce.ufpb.br\/dme\/wp-content\/uploads\/sites\/138\/sites\/500\/2026\/08\/Carta-de-servicos-DME-5.pdf\">SERVI\u00c7O N\u00ba 02 &#8211; Recebimento de Requerimentos, Documentos e Processos Administrativos<\/a><a href=\"https:\/\/www.ce.ufpb.br\/dme\/wp-content\/uploads\/sites\/138\/sites\/500\/2026\/08\/Carta-de-servicos-DME-5.pdf\" class=\"wp-block-file__button wp-element-button\" download aria-describedby=\"wp-block-file--media-f381c155-ea27-48f1-b11c-fc551f7ade78\">Baixar<\/a><\/div>\n<\/details>\n\n\n\n<details class=\"wp-block-details is-layout-flow wp-block-details-is-layout-flow\"><summary>Carta de servi\u00e7os do CE<\/summary>\n<p class=\"wp-block-paragraph\"><a href=\"https:\/\/drive.ufpb.br\/s\/zPWpy8Jb5tXHBoj\" data-type=\"link\" data-id=\"https:\/\/drive.ufpb.br\/s\/zPWpy8Jb5tXHBoj\">Acessar carta de servi\u00e7os do CE<\/a><\/p>\n<\/details>\n\n\n\n<details class=\"wp-block-details is-layout-flow wp-block-details-is-layout-flow\"><summary>Carta de servi\u00e7os da UFPB<\/summary>\n<p class=\"wp-block-paragraph\"><a href=\"https:\/\/www.proplan.ufpb.br\/carta-de-servicos\/\" target=\"_blank\" rel=\"noreferrer noopener\">Pr\u00f3-Reitoria de Planejamento e Desenvolvimento (PROPLAN)<\/a><\/p>\n\n\n\n<p class=\"wp-block-paragraph\"><a href=\"https:\/\/www.pra.ufpb.br\/carta-de-servico\/\" target=\"_blank\" rel=\"noreferrer noopener\">Pr\u00f3-Reitoria de Administra\u00e7\u00e3o (PRA)<\/a><\/p>\n\n\n\n<p class=\"wp-block-paragraph\"><a href=\"https:\/\/www.prape.ufpb.br\/wp-content\/uploads\/sites\/207\/sites\/207\/2025\/12\/Carta-de-Servicos-PRAPE.pdf\" target=\"_blank\" rel=\"noreferrer noopener\">Pr\u00f3-Reitoria de Assist\u00eancia e Promo\u00e7\u00e3o ao Estudante&nbsp;(PRAPE)<\/a><\/p>\n\n\n\n<p class=\"wp-block-paragraph\"><a href=\"https:\/\/progep.ufpb.br\/progep\/contents\/documentos\/diversos\/carta-de-servicos-2025-ufpb-210-x-297-mm-297-x-210-mm-6.pdf\" target=\"_blank\" rel=\"noreferrer noopener\">Pr\u00f3-Reitoria de Gest\u00e3o de Pessoas (PROGEP)<\/a><\/p>\n\n\n\n<p class=\"wp-block-paragraph\"><a href=\"https:\/\/sites.google.com\/academico.ufpb.br\/carta-de-servico-prg\" target=\"_blank\" rel=\"noreferrer noopener\">Pr\u00f3-Reitoria de Gradua\u00e7\u00e3o (PRG)<\/a><\/p>\n\n\n\n<p class=\"wp-block-paragraph\"><a href=\"https:\/\/www.prpg.ufpb.br\/wp-content\/uploads\/sites\/305\/sites\/305\/2025\/08\/carta-de-servicos-1.pdf\" target=\"_blank\" rel=\"noreferrer noopener\">Pr\u00f3-Reitoria de P\u00f3s-Gradua\u00e7\u00e3o (PRPG)<\/a><\/p>\n\n\n\n<p class=\"wp-block-paragraph\"><a href=\"https:\/\/www.ufpb.br\/pf-ufpb\/carta-de-servicos\/\" target=\"_blank\" rel=\"noreferrer noopener\">Procuradoria Federal junto \u00e0 UFPB<\/a><\/p>\n\n\n\n<p class=\"wp-block-paragraph\"><a href=\"https:\/\/www.ufpb.br\/ouvidoria\/carta-de-servicos\/\" target=\"_blank\" rel=\"noreferrer noopener\">Ouvidoria Geral da UFPB<\/a><\/p>\n\n\n\n<p class=\"wp-block-paragraph\"><a href=\"https:\/\/www.sead.ufpb.br\/sead\/contents\/menu\/servicos-disponiveis\" target=\"_blank\" rel=\"noreferrer noopener\">Superintend\u00eancia de Educa\u00e7\u00e3o a Dist\u00e2ncia (SEAD)<\/a><\/p>\n\n\n\n<p class=\"wp-block-paragraph\"><a href=\"https:\/\/www.sti.ufpb.br\/catalogo-de-servicos\/\" data-type=\"link\" data-id=\"https:\/\/www.sti.ufpb.br\/catalogo-de-servicos\/\">Superintend\u00eancia de Tecnologia da Informa\u00e7\u00e3o (STI)<\/a><\/p>\n\n\n\n<p class=\"wp-block-paragraph\"><a href=\"https:\/\/sig-arq.ufpb.br\/arquivos\/2025181063bb3b76439067c4bf7b67ca2\/_2025_CARTA_DE_SERVIOS_DA_COMISSO_DE_GESTO_AMBIENTAL1.pdf\" target=\"_blank\" rel=\"noreferrer noopener\">Comiss\u00e3o de Gest\u00e3o Ambiental (CGA)<\/a><\/p>\n<\/details>\n\n\n\n<h2 class=\"wp-block-heading\"><div class=\"linha-header\">Manuais e Cartilhas<\/div><\/h2>\n\n\n\n<details class=\"wp-block-details is-layout-flow wp-block-details-is-layout-flow\"><summary>Manuais<\/summary>\n<p class=\"wp-block-paragraph\"><a href=\"https:\/\/progep.ufpb.br\/progep\/contents\/menu\/Institucional\/gestao-de-desempenho\/copy_of_manuais-e-documentos\" target=\"_blank\" rel=\"noreferrer noopener\">Manuais e Documentos da&nbsp;Pr\u00f3-Reitoria de Gest\u00e3o de Pessoas (PROGEP)<\/a><\/p>\n\n\n\n<p class=\"wp-block-paragraph\"><a href=\"https:\/\/www.pra.ufpb.br\/manuais\/\" target=\"_blank\" rel=\"noreferrer noopener\">Manuais e Fluxos de Procedimentos da&nbsp;Pr\u00f3-Reitoria de Administra\u00e7\u00e3o (PRA)<\/a>&nbsp;&nbsp;<\/p>\n\n\n\n<p class=\"wp-block-paragraph\"><a href=\"https:\/\/www.ufpb.br\/pf-ufpb\/manuais-e-cartilhas\/\" target=\"_blank\" rel=\"noreferrer noopener\">Manuais e Cartilhas da Procuradoria Federal junto \u00e0 Universidade (PF\/UFPB)<\/a><\/p>\n\n\n\n<p class=\"wp-block-paragraph\"><a href=\"https:\/\/www.ufpb.br\/cia\/manuais\/\" target=\"_blank\" rel=\"noreferrer noopener\">Manuais do&nbsp;Comit\u00ea de Inclus\u00e3o e Acessibilidade (CIA)<\/a>&nbsp;<\/p>\n<\/details>\n\n\n\n<details class=\"wp-block-details is-layout-flow wp-block-details-is-layout-flow\"><summary>Cartilhas<\/summary>\n<p class=\"wp-block-paragraph\"><a href=\"https:\/\/www.ufpb.br\/wp-content\/uploads\/sites\/79\/sites\/79\/2026\/02\/PlanoUFPBPrevencaoEnfrentamentoAssedioDiscriminacaoeOutrasViolencias.pdf\" data-type=\"link\" data-id=\"https:\/\/www.ufpb.br\/wp-content\/uploads\/sites\/79\/sites\/79\/2026\/02\/PlanoUFPBPrevencaoEnfrentamentoAssedioDiscriminacaoeOutrasViolencias.pdf\">Plano de Preven\u00e7\u00e3o e Enfrentamento do Ass\u00e9dio, da Discrimina\u00e7\u00e3o e de Outras Viol\u00eancias da Universidade Federal da Para\u00edba (UFPB)<\/a><\/p>\n\n\n\n<p class=\"wp-block-paragraph\"><a href=\"https:\/\/www.ufpb.br\/cia\/contents\/manuais\" target=\"_blank\" rel=\"noreferrer noopener\">Cartilhas do Comit\u00ea de Inclus\u00e3o e Acessibilidade<\/a><br><\/p>\n\n\n\n<p class=\"wp-block-paragraph\"><a href=\"https:\/\/www.cca.ufpb.br\/cca\/contents\/noticias\/comissao-de-etica-publica-da-ufpb-apresenta-cartilha-sobre-padroes-eticos-para-servidores-publicos\/cartilha_etica_publica_ufpb_oficial.pdf\" target=\"_blank\" rel=\"noreferrer noopener\">Cartilha da Comiss\u00e3o de \u00c9tica P\u00fablica (CEP)<\/a><\/p>\n\n\n\n<p class=\"wp-block-paragraph\"><a href=\"https:\/\/www.ufpb.br\/corregedoriageral\/wp-content\/uploads\/sites\/79\/sites\/232\/2025\/10\/cartilha-corregedoria.pdf\" target=\"_blank\" rel=\"noreferrer noopener\">Cartilha da Corregedoria Geral da UFPB<\/a><\/p>\n<\/details>\n\n\n\n<h2 class=\"wp-block-heading\"><div class=\"linha-header\">Legisla\u00e7\u00e3o e Documentos<\/div><\/h2>\n\n\n\n<details class=\"wp-block-details is-layout-flow wp-block-details-is-layout-flow\"><summary>Estatuto da UFPB<\/summary>\n<p class=\"wp-block-paragraph\"><a href=\"https:\/\/www.ufpb.br\/sods\/estatuto\/\" data-type=\"link\" data-id=\"https:\/\/www.ufpb.br\/sods\/estatuto\/\">Acessar Estatuto da UFPB<\/a><\/p>\n<\/details>\n\n\n\n<details class=\"wp-block-details is-layout-flow wp-block-details-is-layout-flow\"><summary>Regimento Geral da UFPB<\/summary>\n<p class=\"wp-block-paragraph\"><a href=\"https:\/\/www.ufpb.br\/sods\/regimento-geral\/\" data-type=\"link\" data-id=\"https:\/\/www.ufpb.br\/sods\/regimento-geral\/\">Acessar Regimento da UFPB<\/a><\/p>\n<\/details>\n\n\n\n<details class=\"wp-block-details is-layout-flow wp-block-details-is-layout-flow\"><summary>Regulamento Geral de Gradua\u00e7\u00e3o da UFPB<\/summary>\n<p class=\"wp-block-paragraph\"><a href=\"https:\/\/drive.ufpb.br\/s\/oModeWx22eHWp7E\" data-type=\"link\" data-id=\"https:\/\/drive.ufpb.br\/s\/oModeWx22eHWp7E\">Regulamento Geral de Gradua\u00e7\u00e3o<\/a><\/p>\n<\/details>\n\n\n\n<details class=\"wp-block-details is-layout-flow wp-block-details-is-layout-flow\"><summary>Regulamento Geral dos Programas de P\u00f3s-Gradua\u00e7\u00e3o da UFPB<\/summary>\n<p class=\"wp-block-paragraph\"><a href=\"https:\/\/www.prpg.ufpb.br\/wp-content\/uploads\/sites\/305\/sites\/305\/2025\/07\/resolucao-54-2024-consepe.pdf\" data-type=\"link\" data-id=\"https:\/\/www.prpg.ufpb.br\/wp-content\/uploads\/sites\/305\/sites\/305\/2025\/07\/resolucao-54-2024-consepe.pdf\">Acessar Regulamento Geral da P\u00f3s-Gradua\u00e7\u00e3o na UFPB<\/a><\/p>\n<\/details>\n\n\n\n<details class=\"wp-block-details is-layout-flow wp-block-details-is-layout-flow\"><summary>Resolu\u00e7\u00f5es do CONSUNI<\/summary>\n<p class=\"wp-block-paragraph\"><a href=\"https:\/\/sigrh.ufpb.br\/sigrh\/downloadArquivo?idArquivo=9039486&amp;key=69e45d14836c10040438f9fed0f79eb8\" data-type=\"link\" data-id=\"https:\/\/sigrh.ufpb.br\/sigrh\/downloadArquivo?idArquivo=9039486&amp;key=69e45d14836c10040438f9fed0f79eb8\">Resolu\u00e7\u00e3o CONSUNI n\u00ba 015\/2026<\/a> \u2013&nbsp;Cria a Pol\u00edtica Institucional de Seguran\u00e7a Unificada da Universidade Federal da Para\u00edba (PISU) e d\u00e1 outras provid\u00eancias.<br><br><a href=\"https:\/\/sigrh.ufpb.br\/sigrh\/downloadArquivo?idArquivo=8892125&amp;key=c9703e1da69ae34195b33dbebb4cbdec\" data-type=\"link\" data-id=\"https:\/\/sigrh.ufpb.br\/sigrh\/downloadArquivo?idArquivo=8892125&amp;key=c9703e1da69ae34195b33dbebb4cbdec\">Resolu\u00e7\u00e3o CONSUNI n\u00ba 010\/2026<\/a> \u2013&nbsp;Institui a Pol\u00edtica Materna e Parental da Universidade Federal da Para\u00edba.<br><br><a href=\"https:\/\/sigrh.ufpb.br\/sigrh\/downloadArquivo?idArquivo=8554208&amp;key=36923f817ef76183b47d70698c32833c\" data-type=\"link\" data-id=\"https:\/\/sigrh.ufpb.br\/sigrh\/downloadArquivo?idArquivo=8554208&amp;key=36923f817ef76183b47d70698c32833c\">Resolu\u00e7\u00e3o CONSUNI n\u00ba 003\/2026<\/a> Estabelece diretrizes para a cria\u00e7\u00e3o de pol\u00edticas de privacidade e prote\u00e7\u00e3o de dados pessoais na Universidade Federal da Para\u00edba (UFPB) e institui a Comiss\u00e3o Permanente de Prote\u00e7\u00e3o de Dados Pessoais (CPPDP).<br><br><a href=\"https:\/\/sig-arq.ufpb.br\/arquivos\/201921612357d01417428795c36e5ab67\/consuni.10.2019.pdf\">Resolu\u00e7\u00e3o CONSUNI n\u00ba 10\/2019<\/a>&nbsp;\u2013&nbsp;Disp\u00f5e sobre o processo administrativo eletr\u00f4nico no \u00e2mbito da Universidade Federal da Para\u00edba, estabelece os par\u00e2metros para sua implementa\u00e7\u00e3o, funcionamento e uso.<br><br><a href=\"https:\/\/sig-arq.ufpb.br\/arquivos\/2016108112e5d822477973c7a42e5cf6\/Runi08_2016.pdf\">Resolu\u00e7\u00e3o CONSUNI n\u00ba 08\/2016<\/a>&nbsp;\u2013&nbsp;Disp\u00f5e sobre a avalia\u00e7\u00e3o de est\u00e1gio probat\u00f3rio dos servidores t\u00e9cnico-administrativos em educa\u00e7\u00e3o da UFPB.<br><br><a href=\"https:\/\/sig-arq.ufpb.br\/arquivos\/2015231020e426096228df799ef80406\/Runi25_2014.pdf\">Resolu\u00e7\u00e3o CONSUNI n\u00ba 25\/2014<\/a>&nbsp;\u2013&nbsp;Regulamenta a pol\u00edtica de afastamento para qualifica\u00e7\u00e3o e capacita\u00e7\u00e3o do Pessoal T\u00e9cnico-Administrativo, normatiza processos com esta finalidade e revoga a Resolu\u00e7\u00e3o n\u00ba 69\/1997 do CONSEPE.<br><br><a href=\"https:\/\/sig-arq.ufpb.br\/arquivos\/201503706135850962260b2c30cae82d\/Runi23_2014.pdf\">Resolu\u00e7\u00e3o CONSUNI n\u00ba 23\/2014<\/a>&nbsp;\u2013&nbsp;Disp\u00f5e sobre o Sistema de Gest\u00e3o de Desempenho por Compet\u00eancias dos servidores t\u00e9cnico-administrativos em educa\u00e7\u00e3o e docentes ocupantes de fun\u00e7\u00f5es gerenciais da UFPB.<br><br><a href=\"https:\/\/sig-arq.ufpb.br\/arquivos\/20151672140bdc096213b1bc95354880\/Runi12_2014.pdf\">Resolu\u00e7\u00e3o CONSUNI n\u00ba 12\/2014<\/a>&nbsp;\u2013&nbsp;Regulamenta o processo de Remo\u00e7\u00e3o de servidores t\u00e9cnico-administrativos no \u00e2mbito da Universidade Federal da Para\u00edba.<br><br><a href=\"https:\/\/sig-arq.ufpb.br\/arquivos\/2015205049cfcb118694d33c515a4707\/Runi33_2010.pdf\">Resolu\u00e7\u00e3o CONSUNI n\u00ba 33\/2010<\/a>&nbsp;\u2013&nbsp;Estabelece normas sobre jornada de trabalho e controle de frequ\u00eancia dos servidores, no \u00e2mbito da UFPB.<br><br><a href=\"http:\/\/www.ufpb.br\/sods\/contents\/menu\/estatuto\" target=\"_blank\" rel=\"noreferrer noopener\">Resolu\u00e7\u00e3o CONSUNI n\u00ba 07\/2002&nbsp;<\/a>\u2013&nbsp;Aprova o Estatuto da Universidade Federal da Para\u00edba.<br><br><a href=\"https:\/\/sig-arq.ufpb.br\/arquivos\/20161071003bad2353820599323a417b\/RES._N08-2001.pdf\">Resolu\u00e7\u00e3o CONSUNI n\u00ba 08\/2001<\/a>&nbsp;\u2013&nbsp;Aprova a Tabela de Temporalidade dos Documentos da Universidade Federal da Para\u00edba.<br><br><a href=\"https:\/\/sig-arq.ufpb.br\/arquivos\/2016228077660e235444b52c8cb434b1\/RES._N05-1999.pdf\">Resolu\u00e7\u00e3o CONSUNI n\u00ba 05\/1999<\/a>&nbsp;\u2013 Fixa normas para avalia\u00e7\u00e3o de desempenho de docentes em est\u00e1gio probat\u00f3rio.<\/p>\n<\/details>\n\n\n\n<details class=\"wp-block-details is-layout-flow wp-block-details-is-layout-flow\"><summary>Resolu\u00e7\u00f5es do CONSEPE<\/summary>\n<p class=\"wp-block-paragraph\"><br><a href=\"https:\/\/sig-arq.ufpb.br\/arquivos\/2025189036a9a38041387d66209cac73d\/Resoluo_Consepe_n_57.2025.pdf\">Resolu\u00e7\u00e3o CONSEPE n\u00ba 57\/2025<\/a>&nbsp;\u2013 Revoga a Resolu\u00e7\u00e3o n\u00ba 53\/2019 e Institui a Pol\u00edtica de Integridade Acad\u00eamica e Cient\u00edfica no \u00e2mbito da Universidade Federal da Para\u00edba \u2013 UFPB, estabelece diretrizes para o uso de sistemas de detec\u00e7\u00e3o de similaridade, ferramentas de intelig\u00eancia artificial e disp\u00f5e sobre governan\u00e7a, tr\u00e2mites e san\u00e7\u00f5es aplic\u00e1veis.<br><br><a href=\"https:\/\/sigrh.ufpb.br\/sigrh\/downloadArquivo?idArquivo=7464526&amp;key=befc3e6fc8085355d53ea090a30c1630\" data-type=\"link\" data-id=\"https:\/\/sigrh.ufpb.br\/sigrh\/downloadArquivo?idArquivo=7464526&amp;key=befc3e6fc8085355d53ea090a30c1630\">Resolu\u00e7\u00e3o CONSEPE n\u00ba 018\/2025<\/a> \u2013 Estabelece normas gerais para realiza\u00e7\u00e3o de est\u00e1gios n\u00e3o obrigat\u00f3rios nos programas de p\u00f3s-gradua\u00e7\u00e3o stricto sensu da UFPB.<br><br><a href=\"https:\/\/sig-arq.ufpb.br\/arquivos\/2021027224fd8c33189085347cbb77702\/Resoluo_n._31.2021_Consepe.pdf\">Resolu\u00e7\u00e3o CONSEPE n\u00ba 31\/2021<\/a>&nbsp;\u2013&nbsp;Aprova normas sobre a participa\u00e7\u00e3o de docentes sujeitos ao regime de dedica\u00e7\u00e3o exclusiva em atividades espor\u00e1dicas, no \u00e2mbito de suas respectivas especialidades e revoga a Resolu\u00e7\u00e3o no 32 de 2001.<br><br><a href=\"https:\/\/sig-arq.ufpb.br\/arquivos\/2020234238690a27144448f23bf894423\/Resp34.20.pdf\">Resolu\u00e7\u00e3o CONSEPE n\u00ba 34\/2020<\/a>&nbsp;\u2013&nbsp;Aprova normas para credenciamento de professores volunt\u00e1rios, nos termos da Lei n\u00ba. 9.608\/1998.<br><br><a href=\"https:\/\/sig-arq.ufpb.br\/arquivos\/2020189051e2be2611980cbe468246287\/Resp29.20.pdf\" target=\"_blank\" rel=\"noreferrer noopener\">Resolu\u00e7\u00e3o CONSEPE n\u00ba 29\/2020<\/a>&nbsp;\u2013&nbsp;Aprova o Regulamento Geral de Gradua\u00e7\u00e3o da Universidade Federal da Para\u00edba, e revoga a Resolu\u00e7\u00e3o n\u00ba 16\/2015.<br><br><a href=\"https:\/\/sig-arq.ufpb.br\/arquivos\/20192480611f4c15920864ea085a0b55b\/Rsep24.19_d.PDF\">Resolu\u00e7\u00e3o CONSEPE n\u00ba 24\/2019<\/a>&nbsp;\u2013&nbsp;Estabelece normas para a contrata\u00e7\u00e3o de Professor Visitante para atua\u00e7\u00e3o na p\u00f3s-gradua\u00e7\u00e3o e revoga a Resolu\u00e7\u00e3o Consepe n\u00ba 61\/1995.<br><br><a href=\"https:\/\/sig-arq.ufpb.br\/arquivos\/2019126124ae88117571605533b11f828\/Rsep52_18.pdf\">Resolu\u00e7\u00e3o CONSEPE n\u00ba 52\/2018<\/a>&nbsp;\u2013&nbsp;Revoga a Resolu\u00e7\u00e3o Consepe n\u00ba 22\/2016, estabelece crit\u00e9rios para distribui\u00e7\u00e3o de encargos ao pessoal da carreira do magist\u00e9rio superior na UFPB e regulamenta o Plano e o Relat\u00f3rio Individual Docente.<br><br><a href=\"https:\/\/sig-arq.ufpb.br\/arquivos\/20171700643f97445641bd281ad0107b\/Rsep07_2017.pdf\">Resolu\u00e7\u00e3o CONSEPE n\u00ba 07\/2017<\/a>&nbsp;\u2013&nbsp;Regulamenta as condi\u00e7\u00f5es de contrata\u00e7\u00e3o e o Processo Seletivo de Professor Substituto do Magist\u00e9rio Superior e EBTT na Universidade Federal da Para\u00edba.<br><br><a href=\"https:\/\/sig-arq.ufpb.br\/arquivos\/2015189218bf0f0961995e3387965d76\/Rsep61_2014.pdf\">Resolu\u00e7\u00e3o CONSEPE n\u00ba 61\/2014<\/a>&nbsp;\u2013&nbsp;Altera a Resolu\u00e7\u00e3o n\u00ba 09\/1993 do CONSEPE, que regulamenta as atividades de Extens\u00e3o da UFPB e d\u00e1 outras provid\u00eancias.<br><br><a href=\"https:\/\/sig-arq.ufpb.br\/arquivos\/201512521200400961531f4544af1ddd\/Rsep33_2014.pdf\">Resolu\u00e7\u00e3o CONSEPE n\u00ba 33\/2014<\/a>&nbsp;\u2013&nbsp;Regulamenta o processo de avalia\u00e7\u00e3o para fins de promo\u00e7\u00e3o \u00e0 classe \u201cE\u201d (Professor Titular) do magist\u00e9rio superior na Universidade Federal da Para\u00edba.<br><br><a href=\"https:\/\/sig-arq.ufpb.br\/arquivos\/2015158232d154095883bc62fb1e248c\/Rsep74_2013.pdf\">Resolu\u00e7\u00e3o CONSEPE n\u00ba 74\/2013<\/a>&nbsp;\u2013&nbsp;Regulamenta o Concurso P\u00fablico de Provas e T\u00edtulos para ingresso na Carreira do Magist\u00e9rio Superior e revoga a Resolu\u00e7\u00e3o n\u00ba 50\/2007 do CONSEPE e demais disposi\u00e7\u00f5es em contr\u00e1rio.<br><br><a href=\"https:\/\/sig-arq.ufpb.br\/arquivos\/2017023220b4c9562209df2ea5b62b6d\/RES._N17-2007.pdf\">Resolu\u00e7\u00e3o CONSEPE n\u00ba 17\/2007<\/a>&nbsp;\u2013&nbsp;Fixa normas para os Programas Institucionais de Inicia\u00e7\u00e3o Cient\u00edfica e de Inicia\u00e7\u00e3o em Desenvolvimento Tecnol\u00f3gico e Inova\u00e7\u00e3o, da Universidade Federal da Para\u00edba, revoga as Resolu\u00e7\u00f5es 09\/1997 e 32\/2004, do CONSEPE, e d\u00e1 outras provid\u00eancias.<br><br><a href=\"https:\/\/sig-arq.ufpb.br\/arquivos\/20161821133b5e229408633670c0b5d8\/Rsep54_2006.htm\">Resolu\u00e7\u00e3o CONSEPE n\u00ba 54\/2006<\/a>&nbsp;\u2013&nbsp;Estabelece o Sistema de Avalia\u00e7\u00e3o das Atividades do Magist\u00e9rio Superior para efeito de Progress\u00e3o Funcional para a Classe de Professor Associado e d\u00e1 outras provid\u00eancias.<br><br><a href=\"https:\/\/sig-arq.ufpb.br\/arquivos\/2016127169adf522920793defb19d3c5\/Rsep072004.htm\">Resolu\u00e7\u00e3o CONSEPE n\u00ba 07\/2004<\/a>&nbsp;\u2013&nbsp;Revoga a Resolu\u00e7\u00e3o n\u00ba 15\/97 do CONSEPE e regulamenta a Pol\u00edtica de Capacita\u00e7\u00e3o Docente e normatiza os processos de afastamento \u2013 total e parcial \u2013 com esta finalidade.<br><br><a href=\"https:\/\/sig-arq.ufpb.br\/arquivos\/20161711396399232972a129202870be\/RES._N05-2002.pdf\">Resolu\u00e7\u00e3o CONSEPE n\u00ba 05\/2002<\/a>&nbsp;\u2013&nbsp;Estabelece a documenta\u00e7\u00e3o a ser apresentada no ato da solicita\u00e7\u00e3o da concess\u00e3o de progress\u00e3o funcional ou incentivo salarial por titula\u00e7\u00e3o de docentes da UFPB.<br><br><a href=\"https:\/\/proex.ufpb.br\/proex\/contents\/documentos\/resolucoes\/resolucao-consepe-n-76_1997_-probex.pdf\">Resolu\u00e7\u00e3o CONSEPE n\u00ba 76\/97<\/a>&nbsp;\u2013&nbsp;Fixa normas para o Programa Institucional de Bolsas de Extens\u00e3o da UFPB \u2013 PROBEX.<br><br><a href=\"https:\/\/sig-arq.ufpb.br\/arquivos\/201606716448d23232915cd71d7e3229\/RES._N02-1996.pdf\">Resolu\u00e7\u00e3o CONSEPE n\u00ba 02\/96<\/a>&nbsp;\u2013&nbsp;Regulamenta o Programa de Monitoria para os cursos de Gradua\u00e7\u00e3o da UFPB.<\/p>\n<\/details>\n\n\n\n<p class=\"wp-block-paragraph\"><\/p>\n","protected":false},"excerpt":{"rendered":"<p>Este espa\u00e7o re\u00fane as Cartas de Servi\u00e7os do Departamento de Metodologia da Educa\u00e7\u00e3o (DME), do [&hellip;]<\/p>\n","protected":false},"author":47,"featured_media":0,"parent":0,"menu_order":0,"comment_status":"closed","ping_status":"closed","template":"","meta":{"footnotes":""},"class_list":["post-19","page","type-page","status-publish","hentry"],"_links":{"self":[{"href":"https:\/\/www.ce.ufpb.br\/dme\/wp-json\/wp\/v2\/pages\/19","targetHints":{"allow":["GET"]}}],"collection":[{"href":"https:\/\/www.ce.ufpb.br\/dme\/wp-json\/wp\/v2\/pages"}],"about":[{"href":"https:\/\/www.ce.ufpb.br\/dme\/wp-json\/wp\/v2\/types\/page"}],"author":[{"embeddable":true,"href":"https:\/\/www.ce.ufpb.br\/dme\/wp-json\/wp\/v2\/users\/47"}],"replies":[{"embeddable":true,"href":"https:\/\/www.ce.ufpb.br\/dme\/wp-json\/wp\/v2\/comments?post=19"}],"version-history":[{"count":25,"href":"https:\/\/www.ce.ufpb.br\/dme\/wp-json\/wp\/v2\/pages\/19\/revisions"}],"predecessor-version":[{"id":363,"href":"https:\/\/www.ce.ufpb.br\/dme\/wp-json\/wp\/v2\/pages\/19\/revisions\/363"}],"wp:attachment":[{"href":"https:\/\/www.ce.ufpb.br\/dme\/wp-json\/wp\/v2\/media?parent=19"}],"curies":[{"name":"wp","href":"https:\/\/api.w.org\/{rel}","templated":true}]}}